{"id":310,"date":"2020-12-06T13:56:02","date_gmt":"2020-12-06T12:56:02","guid":{"rendered":"http:\/\/www.trattoria-una.de\/wordpress\/?page_id=310"},"modified":"2025-11-20T21:05:53","modified_gmt":"2025-11-20T20:05:53","slug":"weihnachtsessen","status":"publish","type":"page","link":"http:\/\/www.trattoria-una.de\/wordpress\/weihnachtsessen\/","title":{"rendered":"Weihnachtsessen"},"content":{"rendered":"\n<h2 class=\"wp-block-heading has-text-align-center\"><mark style=\"background-color:rgba(0, 0, 0, 0);color:#5e050c\" class=\"has-inline-color\">*** Weihnachtsessen ***<\/mark><\/h2>\n\n\n\n<h3 class=\"wp-block-heading has-text-align-center\">Weihnachtliche Stimmung in der <br>Trattoria Una<br>Unsere Festessen vom 25.12.25 und 26.12.25<\/h3>\n\n\n\n<p class=\"has-text-align-center\">(bitte unbedingt reservieren)<\/p>\n\n\n\n<figure class=\"wp-block-gallery aligncenter has-nested-images columns-default is-cropped wp-block-gallery-1 is-layout-flex\">\n<figure class=\"wp-block-image size-large is-style-default\"><img decoding=\"async\" loading=\"lazy\" width=\"751\" height=\"1024\" data-id=\"327\"  src=\"http:\/\/www.trattoria-una.de\/wordpress\/wp-content\/uploads\/2020\/12\/Weihnachten-e1607699129704-751x1024.jpeg\" alt=\"Weihnachten in der Trattoria Una Refrath\" class=\"wp-image-327\" srcset=\"http:\/\/www.trattoria-una.de\/wordpress\/wp-content\/uploads\/2020\/12\/Weihnachten-e1607699129704-751x1024.jpeg 751w, http:\/\/www.trattoria-una.de\/wordpress\/wp-content\/uploads\/2020\/12\/Weihnachten-e1607699129704-220x300.jpeg 220w, http:\/\/www.trattoria-una.de\/wordpress\/wp-content\/uploads\/2020\/12\/Weihnachten-e1607699129704-768x1047.jpeg 768w, http:\/\/www.trattoria-una.de\/wordpress\/wp-content\/uploads\/2020\/12\/Weihnachten-e1607699129704.jpeg 986w\" sizes=\"(max-width: 751px) 100vw, 751px\" \/><\/figure>\n<\/figure>\n\n\n\n<h2 class=\"wp-block-heading\">Men\u00fc 1 <\/h2>\n\n\n\n<figure class=\"wp-block-table\"><table><tbody><tr><td><strong>K\u00fcrbis \/ S\u00fc\u00dfkartoffel \/ K\u00fcrbis\u00f6l\u00a0<\/strong><br>K\u00fcrbis-S\u00fc\u00dfkartoffel-S\u00fcppchen garniert mit ger\u00f6steten K\u00fcrbiskernen und K\u00fcrbis\u00f6l<br><\/td><td>\u20ac 9,50<\/td><\/tr><tr><td><strong>Braten \/ Kartoffeln \/ Rosenkohl \/ Salat\u00a0\u00a0\u00a0<em>\u00a0\u00a0\u00a0\u00a0\u00a0\u00a0\u00a0\u00a0\u00a0\u00a0\u00a0\u00a0\u00a0\u00a0\u00a0\u00a0\u00a0\u00a0\u00a0\u00a0\u00a0\u00a0\u00a0\u00a0\u00a0<\/em><\/strong><br>Knusprig gebratener Schweiner\u00fccken im Bl\u00e4tterteig, auf im Ofen gebackenen kartoffeln und Rosenkohl, dazu ein gemischter Salat.<br><\/td><td>\u20ac 32,00<\/td><\/tr><tr><td><strong><strong>Nougat \/ Eis \/ Haselnuss \/ Pistazienlik\u00f6r<\/strong>\u00a0\u00a0\u00a0\u00a0\u00a0\u00a0\u00a0\u00a0\u00a0<\/strong><br>Nougat-Parfait aus zartschmelzender Nougateiscreme mit knackiger Haselnusshaube, garniert mit Pistazienlik\u00f6r und Milchkaramell<br><\/td><td>\u20ac 8,00<\/td><\/tr><tr><td>Als Men\u00fc <strong>45,00 \u20ac<\/strong> pro Person<\/td><td><\/td><\/tr><\/tbody><\/table><\/figure>\n\n\n\n<p><\/p>\n\n\n\n<h2 class=\"wp-block-heading has-text-align-left\">Men\u00fc 2 <\/h2>\n\n\n\n<figure class=\"wp-block-table is-style-regular\"><table><tbody><tr><td><strong>Roastbeef \/ Feldsalat \/ Tartar \/ Kapern\u00a0<\/strong>\u00a0\u00a0\u00a0\u00a0\u00a0\u00a0\u00a0\u00a0\u00a0\u00a0\u00a0\u00a0\u00a0<br>Tranche von rosagebratenem Roastbeef auf Feldsalat, mit einer Tartarsauce und Kapern\u00e4pfel <br><\/td><td>\u20ac 14,50<\/td><\/tr><tr><td><strong>Hirsch oder Rind \/ Kl\u00f6\u00dfe \/ Rotkohl \/<\/strong> <strong>Salat<\/strong><br>Hirschr\u00fcckenfilet oder Rinderfilet auf Portweinjus, dazu Kl\u00f6\u00dfe, Rotkohl und einen Bauernsalat mit Granatapfel-Balsamico<br><\/td><td>\u20ac 38,00<\/td><\/tr><tr><td><strong><strong><strong><strong>L\u00f6ffelbiskuit \/ Mascarpone \/ Vanille  \/ Pistazien<\/strong><\/strong> \/ Schokolade<br><\/strong><\/strong>Pistazientiramisu garniert mit Kakao und Schokoso\u00dfe<br><\/td><td>\u20ac 9,00<\/td><\/tr><tr><td>Als Men\u00fc <strong>57,00 \u20ac<\/strong> pro Person<\/td><td><\/td><\/tr><\/tbody><\/table><\/figure>\n\n\n\n<p><\/p>\n\n\n\n<h2 class=\"wp-block-heading\">Men\u00fc 3<\/h2>\n\n\n\n<figure class=\"wp-block-table is-style-regular\"><table><tbody><tr><td><strong>Jacobsmuscheln \/ Safran \/ Parmesan \/ Pasta<\/strong><br>In Hummerbutter gebratene Jakobsmuscheln und Garnelen auf einem Pastanestchen<br><\/td><td>\u20ac 15,50<\/td><\/tr><tr><td><strong>Heilbutt \/ Spinat \/ Safran \/ Reis<\/strong><br>gebratens wei\u00dfes Heilbuttfilet auf Spinatbett dazu Safranreis und bunter Gem\u00fcsesalat<br><\/td><td>\u20ac 36,00<\/td><\/tr><tr><td><strong>Milchreis \/ Mango \/ Zimt \/ Makronen<\/strong><br>Milchreis-Mango Trifle garniert mit Kokosmakronen<br><\/td><td>\u20ac 8,00<\/td><\/tr><tr><td>Als Men\u00fc <strong>55,00 \u20ac<\/strong> pro Person <\/td><td><\/td><\/tr><\/tbody><\/table><\/figure>\n\n\n\n<p><\/p>\n\n\n\n<h2 class=\"wp-block-heading has-text-align-left\">Men\u00fc 4<\/h2>\n\n\n\n<figure class=\"wp-block-table\"><table><tbody><tr><td><strong>Ziegenk\u00e4se \/ Rote Beete \/ Avocado<\/strong><br>karamelisierter Ziegenk\u00e4se auf Rote Beete Avocado Salat, garniert mit Rucola und Feigen<br><\/td><td>\u20ac 12,50<\/td><\/tr><tr><td><strong>Pasta \/ S\u00fc\u00dfkartoffeln \/ Zucchini \/ K\u00e4se<\/strong><br>S\u00fc\u00dfkartoffel-Zucchini-Spinat-Lasagne mit einem Salat aus Tomate, Mozzarella und Papaya<br><\/td><td>\u20ac 26,00<\/td><\/tr><tr><td><strong>Mascarpone \/ Orangen \/ Tonkabohne \/ Spekulatius<\/strong><br>Spekulatius mit Mascarpone-Tonkabohne-Creme auf Orangenfilets<br><\/td><td>\u20ac 8,00<\/td><\/tr><tr><td>Als Men\u00fc <strong>43,00 \u20ac<\/strong> pro Person<strong><br><\/strong><\/td><td><\/td><\/tr><\/tbody><\/table><\/figure>\n\n\n\n<p><\/p>\n\n\n<p><strong>Tel. 02204 404666<br>WhatsAPP: 0176 317 363 47<\/strong><\/p>\n<p>Wir w\u00fcnschen einen sch\u00f6nen, besinnlichen Advent!<\/p>\n\n\n<p><\/p>\n","protected":false},"excerpt":{"rendered":"<p>*** Weihnachtsessen *** Weihnachtliche Stimmung in der Trattoria UnaUnsere Festessen vom 25.12.25 und 26.12.25 (bitte unbedingt reservieren) Men\u00fc 1 K\u00fcrbis \/ S\u00fc\u00dfkartoffel \/ K\u00fcrbis\u00f6l\u00a0K\u00fcrbis-S\u00fc\u00dfkartoffel-S\u00fcppchen garniert mit ger\u00f6steten K\u00fcrbiskernen und K\u00fcrbis\u00f6l \u20ac 9,50 Braten \/ Kartoffeln \/ Rosenkohl \/ Salat\u00a0\u00a0\u00a0\u00a0\u00a0\u00a0\u00a0\u00a0\u00a0\u00a0\u00a0\u00a0\u00a0\u00a0\u00a0\u00a0\u00a0\u00a0\u00a0\u00a0\u00a0\u00a0\u00a0\u00a0\u00a0\u00a0\u00a0\u00a0Knusprig gebratener Schweiner\u00fccken im Bl\u00e4tterteig, auf im Ofen gebackenen kartoffeln und Rosenkohl, dazu ein gemischter Salat. \u20ac [&hellip;]<\/p>\n","protected":false},"author":1,"featured_media":245,"parent":0,"menu_order":0,"comment_status":"closed","ping_status":"closed","template":"","meta":[],"_links":{"self":[{"href":"http:\/\/www.trattoria-una.de\/wordpress\/wp-json\/wp\/v2\/pages\/310"}],"collection":[{"href":"http:\/\/www.trattoria-una.de\/wordpress\/wp-json\/wp\/v2\/pages"}],"about":[{"href":"http:\/\/www.trattoria-una.de\/wordpress\/wp-json\/wp\/v2\/types\/page"}],"author":[{"embeddable":true,"href":"http:\/\/www.trattoria-una.de\/wordpress\/wp-json\/wp\/v2\/users\/1"}],"replies":[{"embeddable":true,"href":"http:\/\/www.trattoria-una.de\/wordpress\/wp-json\/wp\/v2\/comments?post=310"}],"version-history":[{"count":21,"href":"http:\/\/www.trattoria-una.de\/wordpress\/wp-json\/wp\/v2\/pages\/310\/revisions"}],"predecessor-version":[{"id":822,"href":"http:\/\/www.trattoria-una.de\/wordpress\/wp-json\/wp\/v2\/pages\/310\/revisions\/822"}],"wp:featuredmedia":[{"embeddable":true,"href":"http:\/\/www.trattoria-una.de\/wordpress\/wp-json\/wp\/v2\/media\/245"}],"wp:attachment":[{"href":"http:\/\/www.trattoria-una.de\/wordpress\/wp-json\/wp\/v2\/media?parent=310"}],"curies":[{"name":"wp","href":"https:\/\/api.w.org\/{rel}","templated":true}]}}